{"id":13775,"date":"2024-11-23T17:50:56","date_gmt":"2024-11-23T17:50:56","guid":{"rendered":"https:\/\/carlosmfalves.eu\/?page_id=13775"},"modified":"2026-04-10T19:22:57","modified_gmt":"2026-04-10T18:22:57","slug":"biographical-note","status":"publish","type":"page","link":"https:\/\/carlosmfalves.eu\/en\/biographical-note\/","title":{"rendered":"Biographical Note"},"content":{"rendered":"\t\t<div data-elementor-type=\"wp-page\" data-elementor-id=\"13775\" class=\"elementor elementor-13775\" data-elementor-post-type=\"page\">\n\t\t\t\t\t\t<section data-img-position=\"\" class=\"elementor-section elementor-top-section elementor-element elementor-element-916a48e elementor-section-full_width elementor-hidden-mobile elementor-hidden-tablet elementor-section-height-default elementor-section-height-default\" data-id=\"916a48e\" data-element_type=\"section\" data-e-type=\"section\" data-settings=\"{&quot;jet_parallax_layout_list&quot;:[],&quot;aos_animation_name&quot;:&quot;none&quot;}\">\n\t\t\t\t\t\t<div class=\"elementor-container elementor-column-gap-no\">\n\t\t\t\t\t<div data-img-position=\"\" class=\"elementor-column elementor-col-100 elementor-top-column elementor-element elementor-element-dabb266\" data-id=\"dabb266\" data-element_type=\"column\" data-e-type=\"column\" data-settings=\"{&quot;aos_animation_name&quot;:&quot;none&quot;}\">\n\t\t\t<div class=\"elementor-widget-wrap elementor-element-populated\">\n\t\t\t\t\t\t<div class=\"elementor-element elementor-element-94b3e5b elementor-widget elementor-widget-vlt-page-title\" data-id=\"94b3e5b\" data-element_type=\"widget\" data-e-type=\"widget\" data-settings=\"{&quot;aos_animation_name&quot;:&quot;none&quot;}\" data-widget_type=\"vlt-page-title.default\">\n\t\t\t\t<div class=\"elementor-widget-container\">\n\t\t\t\t\t\n\t\t<div class=\"vlt-page-title vlt-page-title--94b3e5b vlt-page-title--style-2 jarallax\">\n\n\t\t\t<img loading=\"lazy\" decoding=\"async\" width=\"1081\" height=\"449\" src=\"https:\/\/i0.wp.com\/carlosmfalves.eu\/wp-content\/uploads\/2023\/04\/Carlos-Alves-e1680829724280.png?resize=1081%2C449&ssl=1\" class=\"jarallax-img attachment-sixten-1920x960_crop size-sixten-1920x960_crop\" alt=\"\" loading=\"lazy\" srcset=\"https:\/\/i0.wp.com\/carlosmfalves.eu\/wp-content\/uploads\/2023\/04\/Carlos-Alves-e1680829724280.png?w=1081&ssl=1 1081w, https:\/\/i0.wp.com\/carlosmfalves.eu\/wp-content\/uploads\/2023\/04\/Carlos-Alves-e1680829724280.png?resize=300%2C125&ssl=1 300w, https:\/\/i0.wp.com\/carlosmfalves.eu\/wp-content\/uploads\/2023\/04\/Carlos-Alves-e1680829724280.png?resize=768%2C319&ssl=1 768w, https:\/\/i0.wp.com\/carlosmfalves.eu\/wp-content\/uploads\/2023\/04\/Carlos-Alves-e1680829724280.png?resize=1024%2C425&ssl=1 1024w, https:\/\/i0.wp.com\/carlosmfalves.eu\/wp-content\/uploads\/2023\/04\/Carlos-Alves-e1680829724280.png?resize=32%2C13&ssl=1 32w, https:\/\/i0.wp.com\/carlosmfalves.eu\/wp-content\/uploads\/2023\/04\/Carlos-Alves-e1680829724280.png?resize=500%2C208&ssl=1 500w, https:\/\/i0.wp.com\/carlosmfalves.eu\/wp-content\/uploads\/2023\/04\/Carlos-Alves-e1680829724280.png?resize=800%2C332&ssl=1 800w, https:\/\/i0.wp.com\/carlosmfalves.eu\/wp-content\/uploads\/2023\/04\/Carlos-Alves-e1680829724280.png?resize=700%2C291&ssl=1 700w\" sizes=\"auto, (max-width: 1081px) 100vw, 1081px\" data-attachment-id=\"5491\" data-permalink=\"https:\/\/carlosmfalves.eu\/en\/biografia\/carlos-alves-2\/\" data-orig-file=\"https:\/\/i0.wp.com\/carlosmfalves.eu\/wp-content\/uploads\/2023\/04\/Carlos-Alves-e1680829724280.png?fit=1081%2C449&ssl=1\" data-orig-size=\"1081,449\" data-comments-opened=\"1\" data-image-meta=\"{&quot;aperture&quot;:&quot;0&quot;,&quot;credit&quot;:&quot;&quot;,&quot;camera&quot;:&quot;&quot;,&quot;caption&quot;:&quot;&quot;,&quot;created_timestamp&quot;:&quot;0&quot;,&quot;copyright&quot;:&quot;&quot;,&quot;focal_length&quot;:&quot;0&quot;,&quot;iso&quot;:&quot;0&quot;,&quot;shutter_speed&quot;:&quot;0&quot;,&quot;title&quot;:&quot;&quot;,&quot;orientation&quot;:&quot;0&quot;}\" data-image-title=\"Carlos-Alves\" data-image-description=\"\" data-image-caption=\"\" data-large-file=\"https:\/\/i0.wp.com\/carlosmfalves.eu\/wp-content\/uploads\/2023\/04\/Carlos-Alves-e1680829724280.png?fit=1024%2C425&ssl=1\" \/><div class=\"vlt-page-title__overlay\"><\/div><div class=\"container lax\" data-lax-translate-y=\"0 0, (-elh*2) elh\" data-lax-opacity=\"0 1, (-elh*2) 0\" data-lax-anchor=\".vlt-page-title--94b3e5b\"><h1 class=\"vlt-page-title__title\">Carlos Alves<br>\n<h6 style=\"color:white\">Biographical Note<\/h6><\/h1><\/div>\n\t\t<\/div>\n\n\t\t<div id=\"94b3e5b\"><\/div>\n\n\t\t\t\t\t\t<\/div>\n\t\t\t\t<\/div>\n\t\t\t\t\t<\/div>\n\t\t<\/div>\n\t\t\t\t\t<\/div>\n\t\t<\/section>\n\t\t\t\t<section data-img-position=\"\" class=\"elementor-section elementor-top-section elementor-element elementor-element-82b9fd7 elementor-section-full_width elementor-hidden-desktop elementor-hidden-tablet elementor-section-height-default elementor-section-height-default\" data-id=\"82b9fd7\" data-element_type=\"section\" data-e-type=\"section\" data-settings=\"{&quot;jet_parallax_layout_list&quot;:[],&quot;aos_animation_name&quot;:&quot;none&quot;}\">\n\t\t\t\t\t\t<div class=\"elementor-container elementor-column-gap-no\">\n\t\t\t\t\t<div data-img-position=\"\" class=\"elementor-column elementor-col-100 elementor-top-column elementor-element elementor-element-cab02bd\" data-id=\"cab02bd\" data-element_type=\"column\" data-e-type=\"column\" data-settings=\"{&quot;aos_animation_name&quot;:&quot;none&quot;}\">\n\t\t\t<div class=\"elementor-widget-wrap elementor-element-populated\">\n\t\t\t\t\t\t<div class=\"elementor-element elementor-element-15ac78b elementor-widget elementor-widget-vlt-page-title\" data-id=\"15ac78b\" data-element_type=\"widget\" data-e-type=\"widget\" data-settings=\"{&quot;aos_animation_name&quot;:&quot;none&quot;}\" data-widget_type=\"vlt-page-title.default\">\n\t\t\t\t<div class=\"elementor-widget-container\">\n\t\t\t\t\t\n\t\t<div class=\"vlt-page-title vlt-page-title--15ac78b vlt-page-title--style-3 jarallax\">\n\n\t\t\t<img loading=\"lazy\" decoding=\"async\" width=\"300\" height=\"125\" src=\"https:\/\/i0.wp.com\/carlosmfalves.eu\/wp-content\/uploads\/2023\/04\/Carlos-Alves-e1680829724280.png?fit=300%2C125&ssl=1\" class=\"jarallax-img attachment-medium size-medium\" alt=\"\" loading=\"lazy\" srcset=\"https:\/\/i0.wp.com\/carlosmfalves.eu\/wp-content\/uploads\/2023\/04\/Carlos-Alves-e1680829724280.png?w=1081&ssl=1 1081w, https:\/\/i0.wp.com\/carlosmfalves.eu\/wp-content\/uploads\/2023\/04\/Carlos-Alves-e1680829724280.png?resize=300%2C125&ssl=1 300w, https:\/\/i0.wp.com\/carlosmfalves.eu\/wp-content\/uploads\/2023\/04\/Carlos-Alves-e1680829724280.png?resize=768%2C319&ssl=1 768w, https:\/\/i0.wp.com\/carlosmfalves.eu\/wp-content\/uploads\/2023\/04\/Carlos-Alves-e1680829724280.png?resize=1024%2C425&ssl=1 1024w, https:\/\/i0.wp.com\/carlosmfalves.eu\/wp-content\/uploads\/2023\/04\/Carlos-Alves-e1680829724280.png?resize=32%2C13&ssl=1 32w, https:\/\/i0.wp.com\/carlosmfalves.eu\/wp-content\/uploads\/2023\/04\/Carlos-Alves-e1680829724280.png?resize=500%2C208&ssl=1 500w, https:\/\/i0.wp.com\/carlosmfalves.eu\/wp-content\/uploads\/2023\/04\/Carlos-Alves-e1680829724280.png?resize=800%2C332&ssl=1 800w, https:\/\/i0.wp.com\/carlosmfalves.eu\/wp-content\/uploads\/2023\/04\/Carlos-Alves-e1680829724280.png?resize=700%2C291&ssl=1 700w\" sizes=\"auto, (max-width: 300px) 100vw, 300px\" data-attachment-id=\"5491\" data-permalink=\"https:\/\/carlosmfalves.eu\/en\/biografia\/carlos-alves-2\/\" data-orig-file=\"https:\/\/i0.wp.com\/carlosmfalves.eu\/wp-content\/uploads\/2023\/04\/Carlos-Alves-e1680829724280.png?fit=1081%2C449&ssl=1\" data-orig-size=\"1081,449\" data-comments-opened=\"1\" data-image-meta=\"{&quot;aperture&quot;:&quot;0&quot;,&quot;credit&quot;:&quot;&quot;,&quot;camera&quot;:&quot;&quot;,&quot;caption&quot;:&quot;&quot;,&quot;created_timestamp&quot;:&quot;0&quot;,&quot;copyright&quot;:&quot;&quot;,&quot;focal_length&quot;:&quot;0&quot;,&quot;iso&quot;:&quot;0&quot;,&quot;shutter_speed&quot;:&quot;0&quot;,&quot;title&quot;:&quot;&quot;,&quot;orientation&quot;:&quot;0&quot;}\" data-image-title=\"Carlos-Alves\" data-image-description=\"\" data-image-caption=\"\" data-large-file=\"https:\/\/i0.wp.com\/carlosmfalves.eu\/wp-content\/uploads\/2023\/04\/Carlos-Alves-e1680829724280.png?fit=1024%2C425&ssl=1\" \/><div class=\"vlt-page-title__overlay\"><\/div><a href=\"#15ac78b\" class=\"vlt-page-title__scroll-to vlt-scroll-to\"><i class=\"ri-arrow-down-line\"><\/i><\/a><div class=\"container lax\" data-lax-translate-y=\"0 0, (-elh*2) elh\" data-lax-opacity=\"0 1, (-elh*2) 0\" data-lax-anchor=\".vlt-page-title--15ac78b\"><\/div>\n\t\t<\/div>\n\n\t\t<div id=\"15ac78b\"><\/div>\n\n\t\t\t\t\t\t<\/div>\n\t\t\t\t<\/div>\n\t\t\t\t\t<\/div>\n\t\t<\/div>\n\t\t\t\t\t<\/div>\n\t\t<\/section>\n\t\t\t\t<section data-img-position=\"\" class=\"elementor-section elementor-top-section elementor-element elementor-element-9e61d3e elementor-section-boxed elementor-section-height-default elementor-section-height-default\" data-id=\"9e61d3e\" data-element_type=\"section\" data-e-type=\"section\" data-settings=\"{&quot;jet_parallax_layout_list&quot;:[],&quot;aos_animation_name&quot;:&quot;none&quot;}\">\n\t\t\t\t\t\t<div class=\"elementor-container elementor-column-gap-extended\">\n\t\t\t\t\t<div data-img-position=\"\" class=\"elementor-column elementor-col-33 elementor-top-column elementor-element elementor-element-b23e69b\" data-id=\"b23e69b\" data-element_type=\"column\" data-e-type=\"column\" data-settings=\"{&quot;aos_animation_name&quot;:&quot;none&quot;}\">\n\t\t\t<div class=\"elementor-widget-wrap\">\n\t\t\t\t\t\t\t<\/div>\n\t\t<\/div>\n\t\t\t\t<div data-img-position=\"\" class=\"elementor-column elementor-col-33 elementor-top-column elementor-element elementor-element-83388cc\" data-id=\"83388cc\" data-element_type=\"column\" data-e-type=\"column\" data-settings=\"{&quot;aos_animation_name&quot;:&quot;none&quot;}\">\n\t\t\t<div class=\"elementor-widget-wrap elementor-element-populated\">\n\t\t\t\t\t\t<div data-aos=\"custom\" data-aos-delay=\"200\" data-aos-once=\"true\" class=\"elementor-element elementor-element-142c033 elementor-widget elementor-widget-text-editor\" data-id=\"142c033\" data-element_type=\"widget\" data-e-type=\"widget\" data-settings=\"{&quot;aos_animation_name&quot;:&quot;custom&quot;}\" data-widget_type=\"text-editor.default\">\n\t\t\t\t<div class=\"elementor-widget-container\">\n\t\t\t\t\t\t\t\t\t<p><strong>Carlos Manuel Ferreira Alves<\/strong>, born on the 25th of June in Braga, is <strong>currently a PhD Candidate in Informatics at the Algoritmi Center at the University of Minho<\/strong>, funded by the Foundation for Science and Technology (FCT), and a <strong>professor at the University of Minho (UMINHO) and University of Maia (UMAIA)<\/strong>.<\/p>\n<p>In his early academic path, he completed the <strong>Technical Course in Management Informatics at EsproMinho<\/strong>, which gave him equivalence to his 12th year with an average of 15 values. During this period, he has been sub-delegated to the class several times.<\/p>\n<p>In his academic career, he completed the <b>Technological Specialization Course in Development of Multimedia Products<\/b> at the <b>Polytechnic Institute of C\u00e1vado and Ave<\/b> in Barcelos. He also obtains the Pedagogical Skills Certificate, which has been successfully completed.<\/p>\n<p>He attended the first year of the <b>Degree in Medical Informatics at the Higher School of Technology of the Polytechnic Institute of C\u00e1vado and Ave<\/b>. He was elected Student Representative of the Escola Superior de Tecnologia on the General Council of the Polytechnic Institute of C\u00e1vado and Ave.<\/p>\n<p>He completed the <b>Degree in Communication and Multimedia<\/b> at the <b>University of Tr\u00e1s-os-Montes and Alto Douro<\/b> in 2016 with an average of 15 points. Held a <b>Master\u2019s Degree in Marketing Management<\/b> at <b>IPAM \u2013 Portuguese Institute of Administration and Marketing<\/b>, in the city of Porto with the dissertation theme: The Intention to Use Augmented Reality in Electronic Commerce \u2013 The Case of IKEA Place, to which the score was attributed of 17 Values.<\/p>\n<p><b>As a researcher<\/b> at the <b>Algoritmi Research Centre<\/b>, he was previously involved in the <b>Bosch Car Multimedia<\/b> project, the <b>Factory of the Future<\/b>, and in Project <b>NORTE 86 \u2013 Integrated and Innovative Solutions for people\u2019s well-being in complex urban centers<\/b>. At <b>UMAIA<\/b>, he <b>teaches<\/b> <b>several courses<\/b>: <b>Technological Trends and Artificial Intelligence<\/b>, <b>SCRUM Laboratories for Digital Transformation<\/b>, and <b>Seminars for Digital Transformation<\/b>.\u00a0<span style=\"font-size: 1rem;\">At the <b>University of Minho<\/b>, he <b>lectures<\/b> in the <b>Master\u2019s Degree in Artificial Intelligence, <\/b>the<b> Integrated Master\u2019s Degree in Biomedical Engineering, <\/b>and the<b> Master\u2019s Degree in Law and Informatics.<\/b><\/span><\/p>\n<p>On a <b>sports level<\/b>, he belonged to the <b>school sports badminton team<\/b> at the EB 2 and 3 school in Nogueira. He was also a <b>sports dancer federated by FPDD \u2013 Portuguese Sports Dance Federation<\/b>, where he represented the Ricardo Abelhas Dance Academy and the Braga Sports Dance Association, which in the Junior 2 Initiate category won the <b>3rd place title in the Portuguese Cup<\/b>, 4th place in the National Ranking and 5th place in the National Championship. He has already represented Portugal in some international championships.<\/p>\n<p>In <b>social causes<\/b>, he cooperated with the <b>Food Bank Against Hunger<\/b>. <b>He<\/b> <b>interned<\/b> at <b>two computer companies<\/b>, <b>Inforlink<\/b> and <b>Deltabyte<\/b>, both in Braga. At a professional level, he worked as public relations, as a marketeer in several companies and as a <b>trainer<\/b> in the <b>areas<\/b> <b>of<\/b> <b>marketing<\/b> <b>and<\/b> <b>information<\/b> <b>technology<\/b>.<\/p>\n<section class=\"text-token-text-primary w-full focus:outline-none [--shadow-height:45px] has-data-writing-block:pointer-events-none has-data-writing-block:-mt-(--shadow-height) has-data-writing-block:pt-(--shadow-height) [&:has([data-writing-block])>*]:pointer-events-auto scroll-mt-(--header-height)\" dir=\"auto\" data-turn-id=\"ede7c61a-05f7-45bd-b000-15f2e60b5113\" data-testid=\"conversation-turn-7\" data-scroll-anchor=\"false\" data-turn=\"user\"><\/section>\n<section class=\"text-token-text-primary w-full focus:outline-none [--shadow-height:45px] has-data-writing-block:pointer-events-none has-data-writing-block:-mt-(--shadow-height) has-data-writing-block:pt-(--shadow-height) [&:has([data-writing-block])>*]:pointer-events-auto scroll-mt-[calc(var(--header-height)+min(200px,max(70px,20svh)))]\" dir=\"auto\" data-turn-id=\"request-WEB:d93980df-9e7a-4a56-a288-8811fc0a79a7-3\" data-testid=\"conversation-turn-8\" data-scroll-anchor=\"true\" data-turn=\"assistant\">\n<div class=\"text-base my-auto mx-auto pb-10 [--thread-content-margin:var(--thread-content-margin-xs,calc(var(--spacing)*4))] @w-sm\/main:[--thread-content-margin:var(--thread-content-margin-sm,calc(var(--spacing)*6))] @w-lg\/main:[--thread-content-margin:var(--thread-content-margin-lg,calc(var(--spacing)*16))] px-(--thread-content-margin)\">\n<div class=\"[--thread-content-max-width:40rem] @w-lg\/main:[--thread-content-max-width:48rem] mx-auto max-w-(--thread-content-max-width) flex-1 group\/turn-messages focus-visible:outline-hidden relative flex w-full min-w-0 flex-col agent-turn\">\n<div class=\"flex max-w-full flex-col gap-4 grow\">\n<div class=\"min-h-8 text-message relative flex w-full flex-col items-end gap-2 text-start break-words whitespace-normal outline-none keyboard-focused:focus-ring [.text-message+&]:mt-1\" dir=\"auto\" tabindex=\"0\" data-message-author-role=\"assistant\" data-message-id=\"1fe8782b-b441-4d3e-98c6-c4100f728f5f\" data-message-model-slug=\"gpt-5-3\" data-turn-start-message=\"true\">\n<div class=\"flex w-full flex-col gap-1 empty:hidden\">\n<div class=\"markdown prose dark:prose-invert w-full wrap-break-word light markdown-new-styling\">\n<p data-start=\"0\" data-end=\"290\">His current academic role, both at the University of Minho and at the University of Maia, enables him to combine his technological expertise with strong pedagogical skills, preparing the next generation of professionals to address the challenges of informatics and digital transformation.\u00a0His teaching methodology, applied in SCRUM Laboratories, the course on Technological Trends and Artificial Intelligence, and the Seminars on Digital Transformation, integrates both theoretical knowledge and practical experience drawn from the business and industrial sectors. This approach provides students with real-world applications of emerging technologies, such as Augmented Reality and Spatial Computing.<\/p>\n<\/div>\n<\/div>\n<\/div>\n<\/div>\n<\/div>\n<\/div>\n<\/section>\t\t\t\t\t\t\t\t<\/div>\n\t\t\t\t<\/div>\n\t\t\t\t\t<\/div>\n\t\t<\/div>\n\t\t\t\t<div data-img-position=\"\" class=\"elementor-column elementor-col-33 elementor-top-column elementor-element elementor-element-119647c\" data-id=\"119647c\" data-element_type=\"column\" data-e-type=\"column\" data-settings=\"{&quot;aos_animation_name&quot;:&quot;none&quot;}\">\n\t\t\t<div class=\"elementor-widget-wrap\">\n\t\t\t\t\t\t\t<\/div>\n\t\t<\/div>\n\t\t\t\t\t<\/div>\n\t\t<\/section>\n\t\t\t\t<section data-img-position=\"\" class=\"elementor-section elementor-top-section elementor-element elementor-element-83cde81 elementor-section-boxed elementor-section-height-default elementor-section-height-default\" data-id=\"83cde81\" data-element_type=\"section\" data-e-type=\"section\" data-settings=\"{&quot;background_background&quot;:&quot;classic&quot;,&quot;jet_parallax_layout_list&quot;:[],&quot;aos_animation_name&quot;:&quot;none&quot;}\">\n\t\t\t\t\t\t<div class=\"elementor-container elementor-column-gap-extended\">\n\t\t\t\t\t<div data-img-position=\"\" class=\"elementor-column elementor-col-25 elementor-top-column elementor-element elementor-element-3dfe6e4\" data-id=\"3dfe6e4\" data-element_type=\"column\" data-e-type=\"column\" data-settings=\"{&quot;aos_animation_name&quot;:&quot;none&quot;}\">\n\t\t\t<div class=\"elementor-widget-wrap\">\n\t\t\t\t\t\t\t<\/div>\n\t\t<\/div>\n\t\t\t\t<div data-img-position=\"\" class=\"elementor-column elementor-col-50 elementor-top-column elementor-element elementor-element-89bedcf\" data-id=\"89bedcf\" data-element_type=\"column\" data-e-type=\"column\" data-settings=\"{&quot;aos_animation_name&quot;:&quot;none&quot;}\">\n\t\t\t<div class=\"elementor-widget-wrap elementor-element-populated\">\n\t\t\t\t\t\t<div data-aos=\"custom\" data-aos-once=\"true\" class=\"elementor-element elementor-element-f76ad6a elementor-widget elementor-widget-vlt-section-title\" data-id=\"f76ad6a\" data-element_type=\"widget\" data-e-type=\"widget\" data-settings=\"{&quot;aos_animation_name&quot;:&quot;custom&quot;}\" data-widget_type=\"vlt-section-title.default\">\n\t\t\t\t<div class=\"elementor-widget-container\">\n\t\t\t\t\t\n\t\t<div class=\"vlt-section-title\">\n\n\t\t\t\n\t\t\t\n\t\t\t\t<h3 class=\"vlt-section-title__heading\">\n\n\t\t\t\t\t\n\t\t\t\t\tBiography\n\t\t\t\t\t\n\t\t\t\t<\/h3>\n\n\t\t\t\n\t\t\t\t\t\t\t<p class=\"vlt-section-title__description\">Return to Carlos Alves' biography page.<\/p>\n\t\t\t\n\t\t<\/div>\n\n\t\t\t\t\t<\/div>\n\t\t\t\t<\/div>\n\t\t\t\t<div class=\"elementor-element elementor-element-ab8a601 elementor-widget elementor-widget-spacer\" data-id=\"ab8a601\" data-element_type=\"widget\" data-e-type=\"widget\" data-settings=\"{&quot;aos_animation_name&quot;:&quot;none&quot;}\" data-widget_type=\"spacer.default\">\n\t\t\t\t<div class=\"elementor-widget-container\">\n\t\t\t\t\t\t\t<div class=\"elementor-spacer\">\n\t\t\t<div class=\"elementor-spacer-inner\"><\/div>\n\t\t<\/div>\n\t\t\t\t\t\t<\/div>\n\t\t\t\t<\/div>\n\t\t\t\t<div data-aos=\"custom\" data-aos-delay=\"100\" data-aos-once=\"true\" class=\"elementor-element elementor-element-c878f24 elementor-widget elementor-widget-vlt-button\" data-id=\"c878f24\" data-element_type=\"widget\" data-e-type=\"widget\" data-settings=\"{&quot;aos_animation_name&quot;:&quot;custom&quot;}\" data-widget_type=\"vlt-button.default\">\n\t\t\t\t<div class=\"elementor-widget-container\">\n\t\t\t\t\t\n\t\t<a class=\"vlt-btn vlt-btn--md vlt-btn--primary vlt-btn--effect\" role=\"button\" href=\"https:\/\/carlosmfalves.eu\/en\/biography\/\">\n\n\t\t\t\n\t\t\tBiography\n\t\t\t\n\t\t<\/a>\n\n\t\t\t\t\t\t<\/div>\n\t\t\t\t<\/div>\n\t\t\t\t\t<\/div>\n\t\t<\/div>\n\t\t\t\t<div data-img-position=\"\" class=\"elementor-column elementor-col-25 elementor-top-column elementor-element elementor-element-0228f26\" data-id=\"0228f26\" data-element_type=\"column\" data-e-type=\"column\" data-settings=\"{&quot;aos_animation_name&quot;:&quot;none&quot;}\">\n\t\t\t<div class=\"elementor-widget-wrap\">\n\t\t\t\t\t\t\t<\/div>\n\t\t<\/div>\n\t\t\t\t\t<\/div>\n\t\t<\/section>\n\t\t\t\t<\/div>\n\t\t","protected":false},"excerpt":{"rendered":"<p>Carlos Alves Biographical Note Carlos Manuel Ferreira Alves, born on the 25th of June in Braga, is currently a PhD Candidate in Informatics at the Algoritmi Center at the University of Minho, funded by the Foundation for Science and Technology (FCT), and a professor at the University of Minho (UMINHO) and University of Maia (UMAIA). [&hellip;]<\/p>\n","protected":false},"author":1,"featured_media":7339,"parent":0,"menu_order":28,"comment_status":"closed","ping_status":"closed","template":"template-custom-page.php","meta":{"_acf_changed":false,"_vp_format_video_url":"","_vp_image_focal_point":[],"footnotes":""},"class_list":["post-13775","page","type-page","status-publish","has-post-thumbnail","hentry"],"acf":[],"yoast_head":"<!-- This site is optimized with the Yoast SEO Premium plugin v24.3 (Yoast SEO v27.5) - https:\/\/yoast.com\/product\/yoast-seo-premium-wordpress\/ -->\n<title>Biographical Note &#8226; Carlos Alves<\/title>\n<meta name=\"robots\" content=\"index, follow, max-snippet:-1, max-image-preview:large, max-video-preview:-1\" \/>\n<link rel=\"canonical\" href=\"https:\/\/carlosmfalves.eu\/en\/biographical-note\/\" \/>\n<meta property=\"og:locale\" content=\"en_US\" \/>\n<meta property=\"og:type\" content=\"article\" \/>\n<meta property=\"og:title\" content=\"Biographical Note\" \/>\n<meta property=\"og:description\" content=\"Carlos Alves Biographical Note Carlos Manuel Ferreira Alves, born on the 25th of June in Braga, is currently a PhD Candidate in Informatics at the Algoritmi Center at the University of Minho, funded by the Foundation for Science and Technology (FCT), and a professor at the University of Minho (UMINHO) and University of Maia (UMAIA). [&hellip;]\" \/>\n<meta property=\"og:url\" content=\"https:\/\/carlosmfalves.eu\/en\/biographical-note\/\" \/>\n<meta property=\"og:site_name\" content=\"Carlos Alves\" \/>\n<meta property=\"article:publisher\" content=\"carlosmfalves\" \/>\n<meta property=\"article:modified_time\" content=\"2026-04-10T18:22:57+00:00\" \/>\n<meta property=\"og:image\" content=\"https:\/\/carlosmfalves.eu\/wp-content\/uploads\/2023\/04\/Carlos-Alves-e1680829724280.png\" \/>\n\t<meta property=\"og:image:width\" content=\"1081\" \/>\n\t<meta property=\"og:image:height\" content=\"449\" \/>\n\t<meta property=\"og:image:type\" content=\"image\/png\" \/>\n<meta name=\"twitter:card\" content=\"summary_large_image\" \/>\n<meta name=\"twitter:site\" content=\"@carlosmfalves\" \/>\n<meta name=\"twitter:label1\" content=\"Est. reading time\" \/>\n\t<meta name=\"twitter:data1\" content=\"4 minutes\" \/>\n<script type=\"application\/ld+json\" class=\"yoast-schema-graph\">{\"@context\":\"https:\\\/\\\/schema.org\",\"@graph\":[{\"@type\":\"WebPage\",\"@id\":\"https:\\\/\\\/carlosmfalves.eu\\\/en\\\/biographical-note\\\/\",\"url\":\"https:\\\/\\\/carlosmfalves.eu\\\/en\\\/biographical-note\\\/\",\"name\":\"Biographical Note &#8226; Carlos Alves\",\"isPartOf\":{\"@id\":\"https:\\\/\\\/carlosmfalves.eu\\\/#website\"},\"primaryImageOfPage\":{\"@id\":\"https:\\\/\\\/carlosmfalves.eu\\\/en\\\/biographical-note\\\/#primaryimage\"},\"image\":{\"@id\":\"https:\\\/\\\/carlosmfalves.eu\\\/en\\\/biographical-note\\\/#primaryimage\"},\"thumbnailUrl\":\"https:\\\/\\\/i0.wp.com\\\/carlosmfalves.eu\\\/wp-content\\\/uploads\\\/2023\\\/04\\\/Carlos-Alves-e1680829724280.png?fit=1081%2C449&ssl=1\",\"datePublished\":\"2024-11-23T17:50:56+00:00\",\"dateModified\":\"2026-04-10T18:22:57+00:00\",\"breadcrumb\":{\"@id\":\"https:\\\/\\\/carlosmfalves.eu\\\/en\\\/biographical-note\\\/#breadcrumb\"},\"inLanguage\":\"en-US\",\"potentialAction\":[{\"@type\":\"ReadAction\",\"target\":[\"https:\\\/\\\/carlosmfalves.eu\\\/en\\\/biographical-note\\\/\"]}]},{\"@type\":\"ImageObject\",\"inLanguage\":\"en-US\",\"@id\":\"https:\\\/\\\/carlosmfalves.eu\\\/en\\\/biographical-note\\\/#primaryimage\",\"url\":\"https:\\\/\\\/i0.wp.com\\\/carlosmfalves.eu\\\/wp-content\\\/uploads\\\/2023\\\/04\\\/Carlos-Alves-e1680829724280.png?fit=1081%2C449&ssl=1\",\"contentUrl\":\"https:\\\/\\\/i0.wp.com\\\/carlosmfalves.eu\\\/wp-content\\\/uploads\\\/2023\\\/04\\\/Carlos-Alves-e1680829724280.png?fit=1081%2C449&ssl=1\",\"width\":1081,\"height\":449},{\"@type\":\"BreadcrumbList\",\"@id\":\"https:\\\/\\\/carlosmfalves.eu\\\/en\\\/biographical-note\\\/#breadcrumb\",\"itemListElement\":[{\"@type\":\"ListItem\",\"position\":1,\"name\":\"Home\",\"item\":\"https:\\\/\\\/carlosmfalves.eu\\\/en\\\/\"},{\"@type\":\"ListItem\",\"position\":2,\"name\":\"Biographical Note\"}]},{\"@type\":\"WebSite\",\"@id\":\"https:\\\/\\\/carlosmfalves.eu\\\/#website\",\"url\":\"https:\\\/\\\/carlosmfalves.eu\\\/\",\"name\":\"Carlos Alves\",\"description\":\"Investigador Cient\u00edfico e Professor\",\"publisher\":{\"@id\":\"https:\\\/\\\/carlosmfalves.eu\\\/#\\\/schema\\\/person\\\/63499b9cd8218ac55b1ad6c4b789ad0a\"},\"alternateName\":\"Carlos Alves\",\"potentialAction\":[{\"@type\":\"SearchAction\",\"target\":{\"@type\":\"EntryPoint\",\"urlTemplate\":\"https:\\\/\\\/carlosmfalves.eu\\\/?s={search_term_string}\"},\"query-input\":{\"@type\":\"PropertyValueSpecification\",\"valueRequired\":true,\"valueName\":\"search_term_string\"}}],\"inLanguage\":\"en-US\"},{\"@type\":[\"Person\",\"Organization\"],\"@id\":\"https:\\\/\\\/carlosmfalves.eu\\\/#\\\/schema\\\/person\\\/63499b9cd8218ac55b1ad6c4b789ad0a\",\"name\":\"Carlos Alves\",\"image\":{\"@type\":\"ImageObject\",\"inLanguage\":\"en-US\",\"@id\":\"https:\\\/\\\/i0.wp.com\\\/carlosmfalves.eu\\\/wp-content\\\/uploads\\\/2024\\\/06\\\/Carlos-Alves.webp?fit=748%2C748&ssl=1\",\"url\":\"https:\\\/\\\/i0.wp.com\\\/carlosmfalves.eu\\\/wp-content\\\/uploads\\\/2024\\\/06\\\/Carlos-Alves.webp?fit=748%2C748&ssl=1\",\"contentUrl\":\"https:\\\/\\\/i0.wp.com\\\/carlosmfalves.eu\\\/wp-content\\\/uploads\\\/2024\\\/06\\\/Carlos-Alves.webp?fit=748%2C748&ssl=1\",\"width\":748,\"height\":748,\"caption\":\"Carlos Alves\"},\"logo\":{\"@id\":\"https:\\\/\\\/i0.wp.com\\\/carlosmfalves.eu\\\/wp-content\\\/uploads\\\/2024\\\/06\\\/Carlos-Alves.webp?fit=748%2C748&ssl=1\"},\"sameAs\":[\"https:\\\/\\\/carlosmfalves.eu\\\/\",\"carlosmfalves\",\"https:\\\/\\\/www.linkedin.com\\\/in\\\/carlosmfalves\\\/\",\"https:\\\/\\\/x.com\\\/carlosmfalves\"],\"honorificPrefix\":\"Dr.\",\"honorificSuffix\":\"MsC\",\"gender\":\"masculino\",\"knowsAbout\":[\"Realidade Aumentada\"],\"knowsLanguage\":[\"portugu\u00eas\",\"ingl\u00eas\"]}]}<\/script>\n<!-- \/ Yoast SEO Premium plugin. -->","yoast_head_json":{"title":"Biographical Note &#8226; Carlos Alves","robots":{"index":"index","follow":"follow","max-snippet":"max-snippet:-1","max-image-preview":"max-image-preview:large","max-video-preview":"max-video-preview:-1"},"canonical":"https:\/\/carlosmfalves.eu\/en\/biographical-note\/","og_locale":"en_US","og_type":"article","og_title":"Biographical Note","og_description":"Carlos Alves Biographical Note Carlos Manuel Ferreira Alves, born on the 25th of June in Braga, is currently a PhD Candidate in Informatics at the Algoritmi Center at the University of Minho, funded by the Foundation for Science and Technology (FCT), and a professor at the University of Minho (UMINHO) and University of Maia (UMAIA). [&hellip;]","og_url":"https:\/\/carlosmfalves.eu\/en\/biographical-note\/","og_site_name":"Carlos Alves","article_publisher":"carlosmfalves","article_modified_time":"2026-04-10T18:22:57+00:00","og_image":[{"width":1081,"height":449,"url":"https:\/\/carlosmfalves.eu\/wp-content\/uploads\/2023\/04\/Carlos-Alves-e1680829724280.png","type":"image\/png"}],"twitter_card":"summary_large_image","twitter_site":"@carlosmfalves","twitter_misc":{"Est. reading time":"4 minutes"},"schema":{"@context":"https:\/\/schema.org","@graph":[{"@type":"WebPage","@id":"https:\/\/carlosmfalves.eu\/en\/biographical-note\/","url":"https:\/\/carlosmfalves.eu\/en\/biographical-note\/","name":"Biographical Note &#8226; Carlos Alves","isPartOf":{"@id":"https:\/\/carlosmfalves.eu\/#website"},"primaryImageOfPage":{"@id":"https:\/\/carlosmfalves.eu\/en\/biographical-note\/#primaryimage"},"image":{"@id":"https:\/\/carlosmfalves.eu\/en\/biographical-note\/#primaryimage"},"thumbnailUrl":"https:\/\/i0.wp.com\/carlosmfalves.eu\/wp-content\/uploads\/2023\/04\/Carlos-Alves-e1680829724280.png?fit=1081%2C449&ssl=1","datePublished":"2024-11-23T17:50:56+00:00","dateModified":"2026-04-10T18:22:57+00:00","breadcrumb":{"@id":"https:\/\/carlosmfalves.eu\/en\/biographical-note\/#breadcrumb"},"inLanguage":"en-US","potentialAction":[{"@type":"ReadAction","target":["https:\/\/carlosmfalves.eu\/en\/biographical-note\/"]}]},{"@type":"ImageObject","inLanguage":"en-US","@id":"https:\/\/carlosmfalves.eu\/en\/biographical-note\/#primaryimage","url":"https:\/\/i0.wp.com\/carlosmfalves.eu\/wp-content\/uploads\/2023\/04\/Carlos-Alves-e1680829724280.png?fit=1081%2C449&ssl=1","contentUrl":"https:\/\/i0.wp.com\/carlosmfalves.eu\/wp-content\/uploads\/2023\/04\/Carlos-Alves-e1680829724280.png?fit=1081%2C449&ssl=1","width":1081,"height":449},{"@type":"BreadcrumbList","@id":"https:\/\/carlosmfalves.eu\/en\/biographical-note\/#breadcrumb","itemListElement":[{"@type":"ListItem","position":1,"name":"Home","item":"https:\/\/carlosmfalves.eu\/en\/"},{"@type":"ListItem","position":2,"name":"Biographical Note"}]},{"@type":"WebSite","@id":"https:\/\/carlosmfalves.eu\/#website","url":"https:\/\/carlosmfalves.eu\/","name":"Carlos Alves","description":"Investigador Cient\u00edfico e Professor","publisher":{"@id":"https:\/\/carlosmfalves.eu\/#\/schema\/person\/63499b9cd8218ac55b1ad6c4b789ad0a"},"alternateName":"Carlos Alves","potentialAction":[{"@type":"SearchAction","target":{"@type":"EntryPoint","urlTemplate":"https:\/\/carlosmfalves.eu\/?s={search_term_string}"},"query-input":{"@type":"PropertyValueSpecification","valueRequired":true,"valueName":"search_term_string"}}],"inLanguage":"en-US"},{"@type":["Person","Organization"],"@id":"https:\/\/carlosmfalves.eu\/#\/schema\/person\/63499b9cd8218ac55b1ad6c4b789ad0a","name":"Carlos Alves","image":{"@type":"ImageObject","inLanguage":"en-US","@id":"https:\/\/i0.wp.com\/carlosmfalves.eu\/wp-content\/uploads\/2024\/06\/Carlos-Alves.webp?fit=748%2C748&ssl=1","url":"https:\/\/i0.wp.com\/carlosmfalves.eu\/wp-content\/uploads\/2024\/06\/Carlos-Alves.webp?fit=748%2C748&ssl=1","contentUrl":"https:\/\/i0.wp.com\/carlosmfalves.eu\/wp-content\/uploads\/2024\/06\/Carlos-Alves.webp?fit=748%2C748&ssl=1","width":748,"height":748,"caption":"Carlos Alves"},"logo":{"@id":"https:\/\/i0.wp.com\/carlosmfalves.eu\/wp-content\/uploads\/2024\/06\/Carlos-Alves.webp?fit=748%2C748&ssl=1"},"sameAs":["https:\/\/carlosmfalves.eu\/","carlosmfalves","https:\/\/www.linkedin.com\/in\/carlosmfalves\/","https:\/\/x.com\/carlosmfalves"],"honorificPrefix":"Dr.","honorificSuffix":"MsC","gender":"masculino","knowsAbout":["Realidade Aumentada"],"knowsLanguage":["portugu\u00eas","ingl\u00eas"]}]}},"jetpack_sharing_enabled":true,"jetpack_shortlink":"https:\/\/wp.me\/Pajfp2-3Ab","jetpack-related-posts":[{"id":8645,"url":"https:\/\/carlosmfalves.eu\/en\/biography\/","url_meta":{"origin":13775,"position":0},"title":"Biography","author":"Carlos Alves","date":"25 de October, 2020","format":false,"excerpt":"Carlos Alves I've been curious since 1992 and I've been creating brands in my life for as long as I can remember! Transferir CV Download CV Biographical Note My parents named me Carlos Manuel in honor of my grandparents! Originally from the 92 harvest and admittedly a man from the\u2026","rel":"","context":"Similar post","block_context":{"text":"Similar post","link":""},"img":{"alt_text":"","src":"https:\/\/i0.wp.com\/carlosmfalves.eu\/wp-content\/uploads\/2023\/04\/Carlos-Alves-e1680829724280.png?fit=1081%2C449&ssl=1&resize=350%2C200","width":350,"height":200,"srcset":"https:\/\/i0.wp.com\/carlosmfalves.eu\/wp-content\/uploads\/2023\/04\/Carlos-Alves-e1680829724280.png?fit=1081%2C449&ssl=1&resize=350%2C200 1x, https:\/\/i0.wp.com\/carlosmfalves.eu\/wp-content\/uploads\/2023\/04\/Carlos-Alves-e1680829724280.png?fit=1081%2C449&ssl=1&resize=525%2C300 1.5x, https:\/\/i0.wp.com\/carlosmfalves.eu\/wp-content\/uploads\/2023\/04\/Carlos-Alves-e1680829724280.png?fit=1081%2C449&ssl=1&resize=700%2C400 2x, https:\/\/i0.wp.com\/carlosmfalves.eu\/wp-content\/uploads\/2023\/04\/Carlos-Alves-e1680829724280.png?fit=1081%2C449&ssl=1&resize=1050%2C600 3x"},"classes":[]},{"id":13763,"url":"https:\/\/carlosmfalves.eu\/nota-biografica\/","url_meta":{"origin":13775,"position":1},"title":"Nota Biogr\u00e1fica","author":"Carlos Alves","date":"23 de November, 2024","format":false,"excerpt":"Carlos Alves Nota Biogr\u00e1fica Carlos Manuel Ferreira Alves, nascido a 25 de junho em Braga, \u00e9 atualmente investigador de doutoramento em Inform\u00e1tica no Centro Algoritmi da Universidade do Minho, com financiamento da Funda\u00e7\u00e3o para a Ci\u00eancia e Tecnologia (FCT), e professor na Universidade da Maia (UMAIA). No seu percurso escolar\u2026","rel":"","context":"Similar post","block_context":{"text":"Similar post","link":""},"img":{"alt_text":"","src":"https:\/\/i0.wp.com\/carlosmfalves.eu\/wp-content\/uploads\/2023\/04\/Carlos-Alves-e1680829724280.png?fit=1081%2C449&ssl=1&resize=350%2C200","width":350,"height":200,"srcset":"https:\/\/i0.wp.com\/carlosmfalves.eu\/wp-content\/uploads\/2023\/04\/Carlos-Alves-e1680829724280.png?fit=1081%2C449&ssl=1&resize=350%2C200 1x, https:\/\/i0.wp.com\/carlosmfalves.eu\/wp-content\/uploads\/2023\/04\/Carlos-Alves-e1680829724280.png?fit=1081%2C449&ssl=1&resize=525%2C300 1.5x, https:\/\/i0.wp.com\/carlosmfalves.eu\/wp-content\/uploads\/2023\/04\/Carlos-Alves-e1680829724280.png?fit=1081%2C449&ssl=1&resize=700%2C400 2x, https:\/\/i0.wp.com\/carlosmfalves.eu\/wp-content\/uploads\/2023\/04\/Carlos-Alves-e1680829724280.png?fit=1081%2C449&ssl=1&resize=1050%2C600 3x"},"classes":[]},{"id":9675,"url":"https:\/\/carlosmfalves.eu\/wall-of-fame\/dennis-ferrer\/","url_meta":{"origin":13775,"position":2},"title":"Dennis Ferrer","author":"Carlos Alves","date":"13 de February, 2024","format":false,"excerpt":"Dennis FerrerRomando Priv\u00e9 Bio Biografia Dennis Ferrer\u00a0\u00e9 um\u00a0DJ, produtor e remixer de\u00a0Nova Iorque. Atualmente reside em\u00a0Union City,\u00a0Nova J\u00e9rsei. Veterano da\u00a0house music, Dennis j\u00e1 trabalhou com grandes nomes da m\u00fasica eletr\u00f4nica como\u00a0Masters At Work\u00a0(MAW), Little Louie Vega, Martinez Brothers e outros not\u00e1veis produtores e DJs de Nova Iorque. Dennis \u00e9 tamb\u00e9m\u2026","rel":"","context":"Similar post","block_context":{"text":"Similar post","link":""},"img":{"alt_text":"","src":"https:\/\/i0.wp.com\/carlosmfalves.eu\/wp-content\/uploads\/2024\/02\/Dennis-Ferrer-Carlos-Alves-scaled.jpg?fit=1200%2C900&ssl=1&resize=350%2C200","width":350,"height":200,"srcset":"https:\/\/i0.wp.com\/carlosmfalves.eu\/wp-content\/uploads\/2024\/02\/Dennis-Ferrer-Carlos-Alves-scaled.jpg?fit=1200%2C900&ssl=1&resize=350%2C200 1x, https:\/\/i0.wp.com\/carlosmfalves.eu\/wp-content\/uploads\/2024\/02\/Dennis-Ferrer-Carlos-Alves-scaled.jpg?fit=1200%2C900&ssl=1&resize=525%2C300 1.5x, https:\/\/i0.wp.com\/carlosmfalves.eu\/wp-content\/uploads\/2024\/02\/Dennis-Ferrer-Carlos-Alves-scaled.jpg?fit=1200%2C900&ssl=1&resize=700%2C400 2x, https:\/\/i0.wp.com\/carlosmfalves.eu\/wp-content\/uploads\/2024\/02\/Dennis-Ferrer-Carlos-Alves-scaled.jpg?fit=1200%2C900&ssl=1&resize=1050%2C600 3x"},"classes":[]},{"id":8997,"url":"https:\/\/carlosmfalves.eu\/icits24\/","url_meta":{"origin":13775,"position":3},"title":"ICITS 2024","author":"Carlos Alves","date":"7 de February, 2024","format":false,"excerpt":"ICITS 2024O ICITS 2024 realizou-se em na cidade de Temuco, no Chile INFO Informa\u00e7\u00e3o da Confer\u00eancia ICITS'24 - 7\u00aa Confer\u00eancia Internacional sobre Tecnologias da Informa\u00e7\u00e3o & Sistemas, a ser realizada na Universidad de La Frontera, Temuco, Chile, entre os dias 24 e 26 de janeiro de 2024. Os potenciais autores\u2026","rel":"","context":"Similar post","block_context":{"text":"Similar post","link":""},"img":{"alt_text":"","src":"https:\/\/i0.wp.com\/carlosmfalves.eu\/wp-content\/uploads\/2024\/02\/Imagem-WhatsApp-2024-01-25-as-19.21.33_32fea17a.jpg?fit=1200%2C676&ssl=1&resize=350%2C200","width":350,"height":200,"srcset":"https:\/\/i0.wp.com\/carlosmfalves.eu\/wp-content\/uploads\/2024\/02\/Imagem-WhatsApp-2024-01-25-as-19.21.33_32fea17a.jpg?fit=1200%2C676&ssl=1&resize=350%2C200 1x, https:\/\/i0.wp.com\/carlosmfalves.eu\/wp-content\/uploads\/2024\/02\/Imagem-WhatsApp-2024-01-25-as-19.21.33_32fea17a.jpg?fit=1200%2C676&ssl=1&resize=525%2C300 1.5x, https:\/\/i0.wp.com\/carlosmfalves.eu\/wp-content\/uploads\/2024\/02\/Imagem-WhatsApp-2024-01-25-as-19.21.33_32fea17a.jpg?fit=1200%2C676&ssl=1&resize=700%2C400 2x, https:\/\/i0.wp.com\/carlosmfalves.eu\/wp-content\/uploads\/2024\/02\/Imagem-WhatsApp-2024-01-25-as-19.21.33_32fea17a.jpg?fit=1200%2C676&ssl=1&resize=1050%2C600 3x"},"classes":[]},{"id":3467,"url":"https:\/\/carlosmfalves.eu\/biografia\/","url_meta":{"origin":13775,"position":4},"title":"Biografia","author":"Carlos Alves","date":"25 de October, 2020","format":false,"excerpt":"Carlos Alves Curioso desde 1992 e crio marcas na minha vida desde que me lembro! Transferir CV Download CV Nota Biogr\u00e1fica Os meus pais colocaram-me o nome Carlos Manuel em homenagem aos meus av\u00f3s! Origin\u00e1rio da colheita de 92 e assumidamente um homem do norte. Por\u00e9m, um amante de\u00a0qualquer cidade\u2026","rel":"","context":"Similar post","block_context":{"text":"Similar post","link":""},"img":{"alt_text":"","src":"https:\/\/i0.wp.com\/carlosmfalves.eu\/wp-content\/uploads\/2023\/04\/Carlos-Alves-e1680829724280.png?fit=1081%2C449&ssl=1&resize=350%2C200","width":350,"height":200,"srcset":"https:\/\/i0.wp.com\/carlosmfalves.eu\/wp-content\/uploads\/2023\/04\/Carlos-Alves-e1680829724280.png?fit=1081%2C449&ssl=1&resize=350%2C200 1x, https:\/\/i0.wp.com\/carlosmfalves.eu\/wp-content\/uploads\/2023\/04\/Carlos-Alves-e1680829724280.png?fit=1081%2C449&ssl=1&resize=525%2C300 1.5x, https:\/\/i0.wp.com\/carlosmfalves.eu\/wp-content\/uploads\/2023\/04\/Carlos-Alves-e1680829724280.png?fit=1081%2C449&ssl=1&resize=700%2C400 2x, https:\/\/i0.wp.com\/carlosmfalves.eu\/wp-content\/uploads\/2023\/04\/Carlos-Alves-e1680829724280.png?fit=1081%2C449&ssl=1&resize=1050%2C600 3x"},"classes":[]},{"id":5976,"url":"https:\/\/carlosmfalves.eu\/documentacao\/","url_meta":{"origin":13775,"position":5},"title":"Documenta\u00e7\u00e3o Acad\u00e9mica","author":"Carlos Alves","date":"12 de April, 2023","format":false,"excerpt":"Documenta\u00e7\u00e3o Acad\u00e9mica e ProfissionalComprovativos de Habilita\u00e7\u00f5es Acad\u00e9micas e Cartas de Recomenda\u00e7\u00e3o N\u00edvel 8N\u00edvel 7N\u00edvel 6N\u00edvel 5N\u00edvel 4CCPCartas de Recomenda\u00e7\u00e3o N\u00edvel 8 - Doutoramento em Inform\u00e1tica pela Universidade do Minho Certificado de Estudos Avan\u00e7ados em Inform\u00e1tica Download Em caso de necessidade de comprovar com a entidade entre em contacto atrav\u00e9s dos\u2026","rel":"","context":"Similar post","block_context":{"text":"Similar post","link":""},"img":{"alt_text":"","src":"https:\/\/i0.wp.com\/carlosmfalves.eu\/wp-content\/uploads\/2023\/04\/Reconhecimento-de-diploma-de-mestrado-e-doutorado-do-exterior-no-Brasil.webp?fit=1200%2C675&ssl=1&resize=350%2C200","width":350,"height":200,"srcset":"https:\/\/i0.wp.com\/carlosmfalves.eu\/wp-content\/uploads\/2023\/04\/Reconhecimento-de-diploma-de-mestrado-e-doutorado-do-exterior-no-Brasil.webp?fit=1200%2C675&ssl=1&resize=350%2C200 1x, https:\/\/i0.wp.com\/carlosmfalves.eu\/wp-content\/uploads\/2023\/04\/Reconhecimento-de-diploma-de-mestrado-e-doutorado-do-exterior-no-Brasil.webp?fit=1200%2C675&ssl=1&resize=525%2C300 1.5x, https:\/\/i0.wp.com\/carlosmfalves.eu\/wp-content\/uploads\/2023\/04\/Reconhecimento-de-diploma-de-mestrado-e-doutorado-do-exterior-no-Brasil.webp?fit=1200%2C675&ssl=1&resize=700%2C400 2x, https:\/\/i0.wp.com\/carlosmfalves.eu\/wp-content\/uploads\/2023\/04\/Reconhecimento-de-diploma-de-mestrado-e-doutorado-do-exterior-no-Brasil.webp?fit=1200%2C675&ssl=1&resize=1050%2C600 3x"},"classes":[]}],"_links":{"self":[{"href":"https:\/\/carlosmfalves.eu\/en\/wp-json\/wp\/v2\/pages\/13775","targetHints":{"allow":["GET"]}}],"collection":[{"href":"https:\/\/carlosmfalves.eu\/en\/wp-json\/wp\/v2\/pages"}],"about":[{"href":"https:\/\/carlosmfalves.eu\/en\/wp-json\/wp\/v2\/types\/page"}],"author":[{"embeddable":true,"href":"https:\/\/carlosmfalves.eu\/en\/wp-json\/wp\/v2\/users\/1"}],"replies":[{"embeddable":true,"href":"https:\/\/carlosmfalves.eu\/en\/wp-json\/wp\/v2\/comments?post=13775"}],"version-history":[{"count":15,"href":"https:\/\/carlosmfalves.eu\/en\/wp-json\/wp\/v2\/pages\/13775\/revisions"}],"predecessor-version":[{"id":16281,"href":"https:\/\/carlosmfalves.eu\/en\/wp-json\/wp\/v2\/pages\/13775\/revisions\/16281"}],"wp:featuredmedia":[{"embeddable":true,"href":"https:\/\/carlosmfalves.eu\/en\/wp-json\/wp\/v2\/media\/7339"}],"wp:attachment":[{"href":"https:\/\/carlosmfalves.eu\/en\/wp-json\/wp\/v2\/media?parent=13775"}],"curies":[{"name":"wp","href":"https:\/\/api.w.org\/{rel}","templated":true}]}}